{"id":4008,"date":"2024-04-12T20:51:25","date_gmt":"2024-04-12T18:51:25","guid":{"rendered":"https:\/\/ecotic-envases.es\/el-nostre-proposit\/"},"modified":"2025-01-10T13:44:57","modified_gmt":"2025-01-10T11:44:57","slug":"el-nostre-proposit","status":"publish","type":"page","link":"https:\/\/ecotic-envases.es\/ca\/el-nostre-proposit\/","title":{"rendered":"El nostre prop\u00f2sit"},"content":{"rendered":"\t\t<div data-elementor-type=\"wp-post\" data-elementor-id=\"4008\" class=\"elementor elementor-4008 elementor-2416\" data-elementor-post-type=\"page\">\n\t\t\t\t<div class=\"elementor-element elementor-element-23ae28b e-flex e-con-boxed e-con e-parent\" data-id=\"23ae28b\" data-element_type=\"container\" data-e-type=\"container\" data-settings=\"{&quot;background_background&quot;:&quot;classic&quot;}\">\n\t\t\t\t\t<div class=\"e-con-inner\">\n\t\t<div class=\"elementor-element elementor-element-fd0fe32 e-con-full e-flex e-con e-child\" data-id=\"fd0fe32\" data-element_type=\"container\" data-e-type=\"container\">\n\t\t\t\t<div class=\"elementor-element elementor-element-7908460 elementor-widget elementor-widget-heading\" data-id=\"7908460\" data-element_type=\"widget\" data-e-type=\"widget\" data-widget_type=\"heading.default\">\n\t\t\t\t<div class=\"elementor-widget-container\">\n\t\t\t\t\t<div class=\"elementor-heading-title elementor-size-default\">El nostre prop\u00f2sit<\/div>\t\t\t\t<\/div>\n\t\t\t\t<\/div>\n\t\t\t\t<div class=\"elementor-element elementor-element-d2c7120 elementor-widget elementor-widget-heading\" data-id=\"d2c7120\" data-element_type=\"widget\" data-e-type=\"widget\" data-widget_type=\"heading.default\">\n\t\t\t\t<div class=\"elementor-widget-container\">\n\t\t\t\t\t<h1 class=\"elementor-heading-title elementor-size-default\">Donem resposta a les teves obligacions<\/h1>\t\t\t\t<\/div>\n\t\t\t\t<\/div>\n\t\t\t\t<\/div>\n\t\t\t\t\t<\/div>\n\t\t\t\t<\/div>\n\t\t<div class=\"elementor-element elementor-element-497ee88 elementor-hidden-desktop elementor-hidden-tablet e-flex e-con-boxed e-con e-parent\" data-id=\"497ee88\" data-element_type=\"container\" data-e-type=\"container\" data-settings=\"{&quot;background_background&quot;:&quot;classic&quot;}\">\n\t\t\t\t\t<div class=\"e-con-inner\">\n\t\t\t\t<div class=\"elementor-element elementor-element-bc583ac elementor-widget elementor-widget-image\" data-id=\"bc583ac\" data-element_type=\"widget\" data-e-type=\"widget\" data-widget_type=\"image.default\">\n\t\t\t\t<div class=\"elementor-widget-container\">\n\t\t\t\t\t\t\t\t\t\t\t\t\t\t\t<img fetchpriority=\"high\" decoding=\"async\" width=\"800\" height=\"595\" src=\"https:\/\/ecotic-envases.es\/wp-content\/uploads\/2024\/05\/proposito_cabezera_S-1030x766.png\" class=\"attachment-large size-large wp-image-4024\" alt=\"\" srcset=\"https:\/\/ecotic-envases.es\/wp-content\/uploads\/2024\/05\/proposito_cabezera_S-1030x766.png 1030w, https:\/\/ecotic-envases.es\/wp-content\/uploads\/2024\/05\/proposito_cabezera_S-300x223.png 300w, https:\/\/ecotic-envases.es\/wp-content\/uploads\/2024\/05\/proposito_cabezera_S-768x571.png 768w, https:\/\/ecotic-envases.es\/wp-content\/uploads\/2024\/05\/proposito_cabezera_S.png 1344w\" sizes=\"(max-width: 800px) 100vw, 800px\" \/>\t\t\t\t\t\t\t\t\t\t\t\t\t\t\t<\/div>\n\t\t\t\t<\/div>\n\t\t\t\t\t<\/div>\n\t\t\t\t<\/div>\n\t\t<div class=\"elementor-element elementor-element-46a8cdea elementor-hidden-mobile e-flex e-con-boxed e-con e-parent\" data-id=\"46a8cdea\" data-element_type=\"container\" data-e-type=\"container\" data-settings=\"{&quot;background_background&quot;:&quot;classic&quot;}\">\n\t\t\t\t\t<div class=\"e-con-inner\">\n\t\t<div class=\"elementor-element elementor-element-10554dce e-con-full e-flex e-con e-child\" data-id=\"10554dce\" data-element_type=\"container\" data-e-type=\"container\" data-settings=\"{&quot;background_background&quot;:&quot;classic&quot;}\">\n\t\t\t\t<\/div>\n\t\t<div class=\"elementor-element elementor-element-47e60742 e-con-full e-flex e-con e-child\" data-id=\"47e60742\" data-element_type=\"container\" data-e-type=\"container\">\n\t\t\t\t<div class=\"elementor-element elementor-element-2e199138 elementor-widget elementor-widget-heading\" data-id=\"2e199138\" data-element_type=\"widget\" data-e-type=\"widget\" data-widget_type=\"heading.default\">\n\t\t\t\t<div class=\"elementor-widget-container\">\n\t\t\t\t\t<h2 class=\"elementor-heading-title elementor-size-default\">El nostre prop\u00f2sit  <\/h2>\t\t\t\t<\/div>\n\t\t\t\t<\/div>\n\t\t\t\t<div class=\"elementor-element elementor-element-341e8198 elementor-widget elementor-widget-text-editor\" data-id=\"341e8198\" data-element_type=\"widget\" data-e-type=\"widget\" data-widget_type=\"text-editor.default\">\n\t\t\t\t<div class=\"elementor-widget-container\">\n\t\t\t\t\t\t\t\t\t<p>A ECOTIC Envases oferirem un marc de col\u00b7laboraci\u00f3 eficient a les empreses del sector per donar resposta a les obligacions del Reial Decret 1055\/2022 sobre envasos i els seus residus.<\/p>\n\t\t\t\t\t\t\t\t<\/div>\n\t\t\t\t<\/div>\n\t\t\t\t<\/div>\n\t\t\t\t\t<\/div>\n\t\t\t\t<\/div>\n\t\t<div class=\"elementor-element elementor-element-73ab2d4 elementor-hidden-tablet elementor-hidden-desktop e-flex e-con-boxed e-con e-parent\" data-id=\"73ab2d4\" data-element_type=\"container\" data-e-type=\"container\" data-settings=\"{&quot;background_background&quot;:&quot;classic&quot;}\">\n\t\t\t\t\t<div class=\"e-con-inner\">\n\t\t<div class=\"elementor-element elementor-element-cc83b98 e-con-full e-flex e-con e-child\" data-id=\"cc83b98\" data-element_type=\"container\" data-e-type=\"container\">\n\t\t\t\t<div class=\"elementor-element elementor-element-856c966 elementor-widget elementor-widget-heading\" data-id=\"856c966\" data-element_type=\"widget\" data-e-type=\"widget\" data-widget_type=\"heading.default\">\n\t\t\t\t<div class=\"elementor-widget-container\">\n\t\t\t\t\t<h2 class=\"elementor-heading-title elementor-size-default\">El nostre prop\u00f2sit  <\/h2>\t\t\t\t<\/div>\n\t\t\t\t<\/div>\n\t\t\t\t<div class=\"elementor-element elementor-element-91bfb3b elementor-widget elementor-widget-text-editor\" data-id=\"91bfb3b\" data-element_type=\"widget\" data-e-type=\"widget\" data-widget_type=\"text-editor.default\">\n\t\t\t\t<div class=\"elementor-widget-container\">\n\t\t\t\t\t\t\t\t\t<p>A ECOTIC Envases oferirem un marc de col\u00b7laboraci\u00f3 eficient a les empreses del sector per donar resposta a les obligacions del Reial Decret 1055\/2022 sobre envasos i els seus residus.<\/p>\n\t\t\t\t\t\t\t\t<\/div>\n\t\t\t\t<\/div>\n\t\t\t\t<\/div>\n\t\t<div class=\"elementor-element elementor-element-7f24090 e-con-full e-flex e-con e-child\" data-id=\"7f24090\" data-element_type=\"container\" data-e-type=\"container\" data-settings=\"{&quot;background_background&quot;:&quot;classic&quot;}\">\n\t\t\t\t<div class=\"elementor-element elementor-element-fa30f0a elementor-widget elementor-widget-image\" data-id=\"fa30f0a\" data-element_type=\"widget\" data-e-type=\"widget\" data-widget_type=\"image.default\">\n\t\t\t\t<div class=\"elementor-widget-container\">\n\t\t\t\t\t\t\t\t\t\t\t\t\t\t\t<img decoding=\"async\" width=\"800\" height=\"450\" src=\"https:\/\/ecotic-envases.es\/wp-content\/uploads\/2024\/05\/03.jpg\" class=\"attachment-full size-full wp-image-4019\" alt=\"\" srcset=\"https:\/\/ecotic-envases.es\/wp-content\/uploads\/2024\/05\/03.jpg 800w, https:\/\/ecotic-envases.es\/wp-content\/uploads\/2024\/05\/03-300x169.jpg 300w, https:\/\/ecotic-envases.es\/wp-content\/uploads\/2024\/05\/03-768x432.jpg 768w\" sizes=\"(max-width: 800px) 100vw, 800px\" \/>\t\t\t\t\t\t\t\t\t\t\t\t\t\t\t<\/div>\n\t\t\t\t<\/div>\n\t\t\t\t<\/div>\n\t\t\t\t\t<\/div>\n\t\t\t\t<\/div>\n\t\t<div class=\"elementor-element elementor-element-52f9822d e-flex e-con-boxed e-con e-parent\" data-id=\"52f9822d\" data-element_type=\"container\" data-e-type=\"container\" data-settings=\"{&quot;background_background&quot;:&quot;classic&quot;}\">\n\t\t\t\t\t<div class=\"e-con-inner\">\n\t\t\t\t<div class=\"elementor-element elementor-element-3d85bf12 elementor-widget elementor-widget-heading\" data-id=\"3d85bf12\" data-element_type=\"widget\" data-e-type=\"widget\" data-widget_type=\"heading.default\">\n\t\t\t\t<div class=\"elementor-widget-container\">\n\t\t\t\t\t<h2 class=\"elementor-heading-title elementor-size-default\">Qu\u00e8 \u00e9s el Reial Decret 1055\/2022?<\/h2>\t\t\t\t<\/div>\n\t\t\t\t<\/div>\n\t\t<div class=\"elementor-element elementor-element-e19a5c8 e-flex e-con-boxed e-con e-child\" data-id=\"e19a5c8\" data-element_type=\"container\" data-e-type=\"container\">\n\t\t\t\t\t<div class=\"e-con-inner\">\n\t\t<div class=\"elementor-element elementor-element-f9a30af e-flex e-con-boxed e-con e-child\" data-id=\"f9a30af\" data-element_type=\"container\" data-e-type=\"container\">\n\t\t\t\t\t<div class=\"e-con-inner\">\n\t\t<div class=\"elementor-element elementor-element-6bcdafb e-flex e-con-boxed e-con e-child\" data-id=\"6bcdafb\" data-element_type=\"container\" data-e-type=\"container\">\n\t\t\t\t\t<div class=\"e-con-inner\">\n\t\t\t\t<div class=\"elementor-element elementor-element-5a5fe3b8 elementor-widget__width-initial elementor-widget elementor-widget-text-editor\" data-id=\"5a5fe3b8\" data-element_type=\"widget\" data-e-type=\"widget\" data-widget_type=\"text-editor.default\">\n\t\t\t\t<div class=\"elementor-widget-container\">\n\t\t\t\t\t\t\t\t\t<p>Aquest decret introdueix a Espanya la Responsabilitat Ampliada del Productor (RAP) per a tots els envasos, abastant tant els industrials com els comercials.<\/p>\n<p>Per primer cop a Espanya, <strong>aquest decret estableix l&#8217;obligaci\u00f3 de la RAP per als envasos industrials i comercials.<\/strong> Aquesta nova mesura afecta totes les empreses que fan servir envasos i embalatges per transportar i comercialitzar els seus productes al mercat estatal.<\/p>\n\t\t\t\t\t\t\t\t<\/div>\n\t\t\t\t<\/div>\n\t\t\t\t\t<\/div>\n\t\t\t\t<\/div>\n\t\t<div class=\"elementor-element elementor-element-6f23cae e-flex e-con-boxed e-con e-child\" data-id=\"6f23cae\" data-element_type=\"container\" data-e-type=\"container\">\n\t\t\t\t\t<div class=\"e-con-inner\">\n\t\t\t\t<div class=\"elementor-element elementor-element-9b84b0e elementor-widget__width-initial elementor-widget elementor-widget-text-editor\" data-id=\"9b84b0e\" data-element_type=\"widget\" data-e-type=\"widget\" data-widget_type=\"text-editor.default\">\n\t\t\t\t<div class=\"elementor-widget-container\">\n\t\t\t\t\t\t\t\t\t<p>Amb aquesta nova regulaci\u00f3, les empreses envasadores, importadores i adquirients intracomunit\u00e0ries tindran la responsabilitat d&#8217;organitzar i finan\u00e7ar tamb\u00e9 la gesti\u00f3 dels residus generats pels envasos industrials i comercials.<\/p><p>Aquest canvi representa una gran transformaci\u00f3, ja que fins ara eren els consumidors finals els qui assumien la responsabilitat de finan\u00e7ar i gestionar els residus dels envasos en qu\u00e8 rebien els productes.<\/p>\t\t\t\t\t\t\t\t<\/div>\n\t\t\t\t<\/div>\n\t\t\t\t\t<\/div>\n\t\t\t\t<\/div>\n\t\t\t\t\t<\/div>\n\t\t\t\t<\/div>\n\t\t<div class=\"elementor-element elementor-element-a35c90a e-con-full e-flex e-con e-child\" data-id=\"a35c90a\" data-element_type=\"container\" data-e-type=\"container\" data-settings=\"{&quot;background_background&quot;:&quot;classic&quot;}\">\n\t\t\t\t<div class=\"elementor-element elementor-element-4bc62ee elementor-widget elementor-widget-shortcode\" data-id=\"4bc62ee\" data-element_type=\"widget\" data-e-type=\"widget\" data-widget_type=\"shortcode.default\">\n\t\t\t\t<div class=\"elementor-widget-container\">\n\t\t\t\t\t\n\t\n\t\t<style>\n\t\t.RD1055-2022-desktop {\n\t\t\t\n\t\t\t-webkit-touch-callout: none;\n\t\t\t-webkit-user-select: none;\n\t\t\t-khtml-user-select: none;\n\t\t\t-moz-user-select: none;\n\t\t\t-ms-user-select: none;\n\t\t\tuser-select: none;\n\n\t\t\tbackground: #FFF !important;\n\t\t\tmax-width: 100% !important;\n\t\t\tmin-width: 180px !important;\n\n\t\t\tpadding: 22px 20px  !important;\n\t\t\tborder: 1px solid #FFF !important;\n\t\t\tborder-radius: 90px !important;\n\t\t\tfont-size: 20px !important;\n\t\t\tline-height: 20px !important;\n\t\t\tfont-weight: 300 !important;\n\t\t\tfont-family: \"Source Sans Pro\", sans-serif;\n\t\t\ttext-decoration: none !important;\n\t\t\tcolor: #132F42 !important;\n\n\t\t\tdisplay: inline-block;\n\t\t\tvertical-align: middle;\n\t\t\toverflow: hidden;\n\t\t\ttext-align: center;\n\t\t\tcursor: pointer;\n\t\t\twhite-space: nowrap;\n\t\t}\n\t\t.RD1055-2022-desktop span{\n\t\t\ttext-align: center !important;\n\t\t\twidth: 100% !important; \n\t\t\tpadding: 0 !important; \n\t\t\tmargin: 0 !important;\t\t\t\n\t\t}\n\t\t.RD1055-2022-desktop:hover {\n\t\t\tbackground: #132F42 !important;\n\t\t\tborder: 1px solid #132F42 !important;\n\t\t\tcolor: #FFF !important;\n\t\t}\n\t\t.RD1055-2022-mobile {\t\t\t\n\t\t\t-webkit-touch-callout: none;\n\t\t\t-webkit-user-select: none;\n\t\t\t-khtml-user-select: none;\n\t\t\t-moz-user-select: none;\n\t\t\t-ms-user-select: none;\n\t\t\tuser-select: none;\n\n\t\t\tbackground: #FFF !important;\n\t\t\tmax-width: 100% !important;\n\t\t\tmin-width: 100% !important;\n\n\t\t\tpadding: 22px 20px  !important;\n\t\t\tborder: 1px solid #FFF !important;\n\t\t\tborder-radius: 90px !important;\n\t\t\tfont-size: 0.9em !important;\n\t\t\tline-height: 0.9em !important;\n\t\t\tfont-family: \"Source Sans Pro\", sans-serif;\n\t\t\tfont-weight: 300 !important;\n\t\t\ttext-decoration: none !important;\n\t\t\tcolor: #132F42 !important;\n\n\t\t\tdisplay: inline-block;\n\t\t\tvertical-align: middle;\n\t\t\toverflow: hidden;\n\t\t\ttext-decoration: none;\n\t\t\ttext-align: center;\n\t\t\tcursor: pointer;\n\t\t\twhite-space: nowrap;\n\t\t}\n\t\t.RD1055-2022-mobile span {\n\t\t\ttext-align: center !important;\n\t\t\twidth: 100% !important; \n\t\t\tpadding: 0 !important; \n\t\t\tmargin: 0 !important;\t\t\t\n\t\t}\n\t\t<\/style>\n\t\t<a href=\"https:\/\/www.boe.es\/buscar\/act.php?id=BOE-A-2022-22690\"  target=\"_blank\" class=\"hide-on-mobile RD1055-2022-desktop\">\n\t\t<span>\n\t\t\tRD 1055\/2022\n\t\t\t<\/span>\n\t\t\t<\/a>\n\t\t<a href=\"https:\/\/www.boe.es\/buscar\/act.php?id=BOE-A-2022-22690\" target=\"_blank\" class=\"hide-on-desktop RD1055-2022-mobile\">\n\t\t<span>\n\t\t\tRD 1055\/2022\n\t\t\t<\/span>\n\t\t\n\t\t<\/a>\n\t\t\t<div class=\"elementor-shortcode\"><\/div>\n\t\t\t\t\t\t<\/div>\n\t\t\t\t<\/div>\n\t\t\t\t<\/div>\n\t\t\t\t\t<\/div>\n\t\t\t\t<\/div>\n\t\t\t\t\t<\/div>\n\t\t\t\t<\/div>\n\t\t<div class=\"elementor-element elementor-element-547d0f9 e-con-full e-flex e-con e-parent\" data-id=\"547d0f9\" data-element_type=\"container\" data-e-type=\"container\">\n\t\t\t\t<div class=\"elementor-element elementor-element-da006a9 elementor-widget elementor-widget-image\" data-id=\"da006a9\" data-element_type=\"widget\" data-e-type=\"widget\" data-widget_type=\"image.default\">\n\t\t\t\t<div class=\"elementor-widget-container\">\n\t\t\t\t\t\t\t\t\t\t\t\t\t\t\t<img decoding=\"async\" width=\"1950\" height=\"562\" src=\"https:\/\/ecotic-envases.es\/wp-content\/uploads\/2024\/05\/04.jpeg\" class=\"attachment-full size-full wp-image-4021\" alt=\"\" srcset=\"https:\/\/ecotic-envases.es\/wp-content\/uploads\/2024\/05\/04.jpeg 1950w, https:\/\/ecotic-envases.es\/wp-content\/uploads\/2024\/05\/04-300x86.jpeg 300w, https:\/\/ecotic-envases.es\/wp-content\/uploads\/2024\/05\/04-1030x297.jpeg 1030w, https:\/\/ecotic-envases.es\/wp-content\/uploads\/2024\/05\/04-768x221.jpeg 768w, https:\/\/ecotic-envases.es\/wp-content\/uploads\/2024\/05\/04-1536x443.jpeg 1536w, https:\/\/ecotic-envases.es\/wp-content\/uploads\/2024\/05\/04-350x100.jpeg 350w\" sizes=\"(max-width: 1950px) 100vw, 1950px\" \/>\t\t\t\t\t\t\t\t\t\t\t\t\t\t\t<\/div>\n\t\t\t\t<\/div>\n\t\t\t\t<\/div>\n\t\t<div class=\"elementor-element elementor-element-39c75415 e-flex e-con-boxed e-con e-parent\" data-id=\"39c75415\" data-element_type=\"container\" data-e-type=\"container\" data-settings=\"{&quot;background_background&quot;:&quot;classic&quot;}\">\n\t\t\t\t\t<div class=\"e-con-inner\">\n\t\t\t\t<div class=\"elementor-element elementor-element-3d1313a elementor-widget elementor-widget-heading\" data-id=\"3d1313a\" data-element_type=\"widget\" data-e-type=\"widget\" data-widget_type=\"heading.default\">\n\t\t\t\t<div class=\"elementor-widget-container\">\n\t\t\t\t\t<h2 class=\"elementor-heading-title elementor-size-default\">A qui afecta la normativa?<\/h2>\t\t\t\t<\/div>\n\t\t\t\t<\/div>\n\t\t\t\t<div class=\"elementor-element elementor-element-72c9ef70 elementor-widget elementor-widget-text-editor\" data-id=\"72c9ef70\" data-element_type=\"widget\" data-e-type=\"widget\" data-widget_type=\"text-editor.default\">\n\t\t\t\t<div class=\"elementor-widget-container\">\n\t\t\t\t\t\t\t\t\t<p>El <strong>Reial decret 1055\/2022 d&#8217;envasos i residus d&#8217;envasos<\/strong> afecta principalment empreses i entitats que produeixen, utilitzen, gestionen o comercialitzen envasos i productes envasats a Espanya.<\/p>\n<p>Aquest decret estableix normatives i requisits relacionats amb la prevenci\u00f3, la reducci\u00f3, la reutilitzaci\u00f3 i el reciclatge d&#8217;envasos i residus d&#8217;envasos, aix\u00ed com la responsabilitat ampliada del productor (RAP) en la gesti\u00f3 d&#8217;aquests residus.<\/p>\n<p>En termes m\u00e9s espec\u00edfics, el Reial decret afecta:<\/p>\n\t\t\t\t\t\t\t\t<\/div>\n\t\t\t\t<\/div>\n\t\t<div class=\"elementor-element elementor-element-19e53162 e-flex e-con-boxed e-con e-child\" data-id=\"19e53162\" data-element_type=\"container\" data-e-type=\"container\">\n\t\t\t\t\t<div class=\"e-con-inner\">\n\t\t<div class=\"elementor-element elementor-element-dd5b468 e-flex e-con-boxed e-con e-child\" data-id=\"dd5b468\" data-element_type=\"container\" data-e-type=\"container\">\n\t\t\t\t\t<div class=\"e-con-inner\">\n\t\t\t\t<div class=\"elementor-element elementor-element-30601701 elementor-widget elementor-widget-text-editor\" data-id=\"30601701\" data-element_type=\"widget\" data-e-type=\"widget\" data-widget_type=\"text-editor.default\">\n\t\t\t\t<div class=\"elementor-widget-container\">\n\t\t\t\t\t\t\t\t\t<ul><li><strong>Productors<\/strong>: Empreses que fabriquen o importen productes envasats i, per tant, s\u00f3n responsables de la gesti\u00f3 dels envasos i residus generats pels seus productes.<\/li><li><strong>Distribu\u00efdors<\/strong>: Aquelles que venen productes envasats i, per tant, estan involucrades a la cadena de producci\u00f3 i distribuci\u00f3 d&#8217;envasos.<\/li><li><strong>Gestors de residus<\/strong>: Empreses o entitats responsables de la recollida, transport, tractament i reciclatge dels residus d&#8217;envasos.<\/li><\/ul><div>\u00a0<\/div><div>A continuaci\u00f3 pots realitzar la inscripci\u00f3 al\u00a0<span style=\"font-weight: bolder;\">registre de productors de producte<\/span>:<\/div>\t\t\t\t\t\t\t\t<\/div>\n\t\t\t\t<\/div>\n\t\t<div class=\"elementor-element elementor-element-65ad6a6 e-con-full elementor-hidden-mobile elementor-hidden-tablet e-flex e-con e-child\" data-id=\"65ad6a6\" data-element_type=\"container\" data-e-type=\"container\">\n\t\t\t\t<div class=\"elementor-element elementor-element-69e7ba9e elementor-widget elementor-widget-shortcode\" data-id=\"69e7ba9e\" data-element_type=\"widget\" data-e-type=\"widget\" data-widget_type=\"shortcode.default\">\n\t\t\t\t<div class=\"elementor-widget-container\">\n\t\t\t\t\t\n\t\n\t\t<style>\n\t\t.Inscripci\u00f3-desktop {\n\t\t\t\n\t\t\t-webkit-touch-callout: none;\n\t\t\t-webkit-user-select: none;\n\t\t\t-khtml-user-select: none;\n\t\t\t-moz-user-select: none;\n\t\t\t-ms-user-select: none;\n\t\t\tuser-select: none;\n\n\t\t\tbackground: #FFF !important;\n\t\t\tmax-width: 100% !important;\n\t\t\tmin-width: 250px !important;\n\n\t\t\tpadding: 22px 20px  !important;\n\t\t\tborder: 1px solid #FFF !important;\n\t\t\tborder-radius: 90px !important;\n\t\t\tfont-size: 20px !important;\n\t\t\tline-height: 20px !important;\n\t\t\tfont-weight: 500 !important;\n\t\t\tfont-family: \"Source Sans Pro\", sans-serif;\n\t\t\ttext-decoration: none !important;\n\t\t\tcolor: #132F42 !important;\n\n\t\t\tdisplay: inline-block;\n\t\t\tvertical-align: middle;\n\t\t\toverflow: hidden;\n\t\t\ttext-align: center;\n\t\t\tcursor: pointer;\n\t\t\twhite-space: nowrap;\n\t\t}\n\t\t.Inscripci\u00f3-desktop span{\n\t\t\ttext-align: center !important;\n\t\t\twidth: 100% !important; \n\t\t\tpadding: 0 !important; \n\t\t\tmargin: 0 !important;\t\t\t\n\t\t}\n\t\t.Inscripci\u00f3-desktop:hover {\n\t\t\tbackground: #132F42 !important;\n\t\t\tborder: 1px solid #132F42 !important;\n\t\t\tcolor: #FFF !important;\n\t\t}\n\t\t.Inscripci\u00f3-mobile {\t\t\t\n\t\t\t-webkit-touch-callout: none;\n\t\t\t-webkit-user-select: none;\n\t\t\t-khtml-user-select: none;\n\t\t\t-moz-user-select: none;\n\t\t\t-ms-user-select: none;\n\t\t\tuser-select: none;\n\n\t\t\tbackground: #FFF !important;\n\t\t\tmax-width: 100% !important;\n\t\t\tmin-width: 100% !important;\n\n\t\t\tpadding: 22px 20px  !important;\n\t\t\tborder: 1px solid #FFF !important;\n\t\t\tborder-radius: 90px !important;\n\t\t\tfont-size: 0.9em !important;\n\t\t\tline-height: 0.9em !important;\n\t\t\tfont-family: \"Source Sans Pro\", sans-serif;\n\t\t\tfont-weight: 500 !important;\n\t\t\ttext-decoration: none !important;\n\t\t\tcolor: #132F42 !important;\n\n\t\t\tdisplay: inline-block;\n\t\t\tvertical-align: middle;\n\t\t\toverflow: hidden;\n\t\t\ttext-decoration: none;\n\t\t\ttext-align: center;\n\t\t\tcursor: pointer;\n\t\t\twhite-space: nowrap;\n\t\t}\n\t\t.Inscripci\u00f3-mobile span {\n\t\t\ttext-align: center !important;\n\t\t\twidth: 100% !important; \n\t\t\tpadding: 0 !important; \n\t\t\tmargin: 0 !important;\t\t\t\n\t\t}\n\t\t<\/style>\n\t\t<a href=\"https:\/\/sede.miteco.gob.es\/portal\/site\/seMITECO\/ficha-procedimiento?procedure_suborg_responsable=11&amp;procedure_etiqueta_pdu=null&amp;procedure_id=476\"  target=\"_blank\" class=\"hide-on-mobile Inscripci\u00f3-desktop\">\n\t\t<span>\n\t\t\tInscripci\u00f3\n\t\t\t<\/span>\n\t\t\t<\/a>\n\t\t<a href=\"https:\/\/sede.miteco.gob.es\/portal\/site\/seMITECO\/ficha-procedimiento?procedure_suborg_responsable=11&amp;procedure_etiqueta_pdu=null&amp;procedure_id=476\" target=\"_blank\" class=\"hide-on-desktop Inscripci\u00f3-mobile\">\n\t\t<span>\n\t\t\tInscripci\u00f3\n\t\t\t<\/span>\n\t\t\n\t\t<\/a>\n\t\t\t<div class=\"elementor-shortcode\"><\/div>\n\t\t\t\t\t\t<\/div>\n\t\t\t\t<\/div>\n\t\t\t\t<\/div>\n\t\t\t\t\t<\/div>\n\t\t\t\t<\/div>\n\t\t<div class=\"elementor-element elementor-element-39bebc0e e-flex e-con-boxed e-con e-child\" data-id=\"39bebc0e\" data-element_type=\"container\" data-e-type=\"container\">\n\t\t\t\t\t<div class=\"e-con-inner\">\n\t\t\t\t<div class=\"elementor-element elementor-element-58ac4c09 elementor-widget elementor-widget-text-editor\" data-id=\"58ac4c09\" data-element_type=\"widget\" data-e-type=\"widget\" data-widget_type=\"text-editor.default\">\n\t\t\t\t<div class=\"elementor-widget-container\">\n\t\t\t\t\t\t\t\t\t<ul>\n<li><strong>Administracions p\u00fabliques<\/strong>: Responsables de la supervisi\u00f3 i aplicaci\u00f3 de les normatives establertes al Reial Decret.<\/li>\n<li><strong>Consumidors:<\/strong> Encara que indirectament, els consumidors tamb\u00e9 es veuen afectats per aquestes regulacions, ja que poden experimentar canvis en la disponibilitat de productes, sistemes de recollida d&#8217;envasos, etc.<\/li>\n<\/ul>\n<div>&nbsp;<\/div>\n<div>&nbsp;<\/div>\n<div>&nbsp;<\/div>\n<div>&nbsp;<span style=\"color: var( --e-global-color-text ); font-family: var( --e-global-typography-text-font-family ), Sans-serif; font-weight: var( --e-global-typography-text-font-weight ); text-align: var(--text-align);\">A continuaci\u00f3 pots iniciar la declaraci\u00f3 d&#8217;envasos posats al mercat<\/span><span style=\"color: var( --e-global-color-text ); font-family: var( --e-global-typography-text-font-family ), Sans-serif; font-weight: var( --e-global-typography-text-font-weight ); text-align: var(--text-align);\">&nbsp;a<\/span><span style=\"color: var( --e-global-color-text ); font-family: var( --e-global-typography-text-font-family ), Sans-serif; text-align: var(--text-align); font-weight: bolder;\">&nbsp;la web del Ministerio<\/span><span style=\"color: var( --e-global-color-text ); font-family: var( --e-global-typography-text-font-family ), Sans-serif; font-weight: var( --e-global-typography-text-font-weight ); text-align: var(--text-align);\">:<\/span><\/div>\t\t\t\t\t\t\t\t<\/div>\n\t\t\t\t<\/div>\n\t\t<div class=\"elementor-element elementor-element-05e0484 e-con-full elementor-hidden-mobile elementor-hidden-tablet e-flex e-con e-child\" data-id=\"05e0484\" data-element_type=\"container\" data-e-type=\"container\">\n\t\t\t\t<div class=\"elementor-element elementor-element-70b2f55 elementor-widget elementor-widget-shortcode\" data-id=\"70b2f55\" data-element_type=\"widget\" data-e-type=\"widget\" data-widget_type=\"shortcode.default\">\n\t\t\t\t<div class=\"elementor-widget-container\">\n\t\t\t\t\t\n\t\n\t\t<style>\n\t\t.Iniciar-desktop {\n\t\t\t\n\t\t\t-webkit-touch-callout: none;\n\t\t\t-webkit-user-select: none;\n\t\t\t-khtml-user-select: none;\n\t\t\t-moz-user-select: none;\n\t\t\t-ms-user-select: none;\n\t\t\tuser-select: none;\n\n\t\t\tbackground: #FFF !important;\n\t\t\tmax-width: 40% !important;\n\t\t\tmin-width: 250px !important;\n\n\t\t\tpadding: 22px 20px  !important;\n\t\t\tborder: 1px solid #FFF !important;\n\t\t\tborder-radius: 90px !important;\n\t\t\tfont-size: 20px !important;\n\t\t\tline-height: 20px !important;\n\t\t\tfont-weight: 500 !important;\n\t\t\tfont-family: \"Source Sans Pro\", sans-serif;\n\t\t\ttext-decoration: none !important;\n\t\t\tcolor: #132F42 !important;\n\n\t\t\tdisplay: inline-block;\n\t\t\tvertical-align: middle;\n\t\t\toverflow: hidden;\n\t\t\ttext-align: center;\n\t\t\tcursor: pointer;\n\t\t\twhite-space: nowrap;\n\t\t}\n\t\t.Iniciar-desktop span{\n\t\t\ttext-align: center !important;\n\t\t\twidth: 100% !important; \n\t\t\tpadding: 0 !important; \n\t\t\tmargin: 0 !important;\t\t\t\n\t\t}\n\t\t.Iniciar-desktop:hover {\n\t\t\tbackground: #132F42 !important;\n\t\t\tborder: 1px solid #132F42 !important;\n\t\t\tcolor: #FFF !important;\n\t\t}\n\t\t.Iniciar-mobile {\t\t\t\n\t\t\t-webkit-touch-callout: none;\n\t\t\t-webkit-user-select: none;\n\t\t\t-khtml-user-select: none;\n\t\t\t-moz-user-select: none;\n\t\t\t-ms-user-select: none;\n\t\t\tuser-select: none;\n\n\t\t\tbackground: #FFF !important;\n\t\t\tmax-width: 100% !important;\n\t\t\tmin-width: 100% !important;\n\n\t\t\tpadding: 22px 20px  !important;\n\t\t\tborder: 1px solid #FFF !important;\n\t\t\tborder-radius: 90px !important;\n\t\t\tfont-size: 0.9em !important;\n\t\t\tline-height: 0.9em !important;\n\t\t\tfont-family: \"Source Sans Pro\", sans-serif;\n\t\t\tfont-weight: 500 !important;\n\t\t\ttext-decoration: none !important;\n\t\t\tcolor: #132F42 !important;\n\n\t\t\tdisplay: inline-block;\n\t\t\tvertical-align: middle;\n\t\t\toverflow: hidden;\n\t\t\ttext-decoration: none;\n\t\t\ttext-align: center;\n\t\t\tcursor: pointer;\n\t\t\twhite-space: nowrap;\n\t\t}\n\t\t.Iniciar-mobile span {\n\t\t\ttext-align: center !important;\n\t\t\twidth: 100% !important; \n\t\t\tpadding: 0 !important; \n\t\t\tmargin: 0 !important;\t\t\t\n\t\t}\n\t\t<\/style>\n\t\t<a href=\"https:\/\/sede.miteco.gob.es\/portal\/site\/seMITECO\/ficha-procedimiento?procedure_suborg_responsable=11&procedure_etiqueta_pdu=null&procedure_id=964&by=theme\"  target=\"_blank\" class=\"hide-on-mobile Iniciar-desktop\">\n\t\t<span>\n\t\t\tIniciar\n\t\t\t<\/span>\n\t\t\t<\/a>\n\t\t<a href=\"https:\/\/sede.miteco.gob.es\/portal\/site\/seMITECO\/ficha-procedimiento?procedure_suborg_responsable=11&procedure_etiqueta_pdu=null&procedure_id=964&by=theme\" target=\"_blank\" class=\"hide-on-desktop Iniciar-mobile\">\n\t\t<span>\n\t\t\tIniciar\n\t\t\t<\/span>\n\t\t\n\t\t<\/a>\n\t\t\t<div class=\"elementor-shortcode\"><\/div>\n\t\t\t\t\t\t<\/div>\n\t\t\t\t<\/div>\n\t\t\t\t<\/div>\n\t\t\t\t\t<\/div>\n\t\t\t\t<\/div>\n\t\t\t\t\t<\/div>\n\t\t\t\t<\/div>\n\t\t<a class=\"elementor-element elementor-element-5411801 e-con-full elementor-hidden-desktop e-flex e-con e-child\" data-id=\"5411801\" data-element_type=\"container\" data-e-type=\"container\" href=\"https:\/\/ecotic-envases.es\/ca\/contacta\/\">\n\t\t<div class=\"elementor-element elementor-element-ebcd13a e-con-full elementor-hidden-desktop e-flex e-con e-child\" data-id=\"ebcd13a\" data-element_type=\"container\" data-e-type=\"container\">\n\t\t\t\t<div class=\"elementor-element elementor-element-c1a907e elementor-widget elementor-widget-heading\" data-id=\"c1a907e\" data-element_type=\"widget\" data-e-type=\"widget\" data-widget_type=\"heading.default\">\n\t\t\t\t<div class=\"elementor-widget-container\">\n\t\t\t\t\t<h4 class=\"elementor-heading-title elementor-size-default\">Iniciar la declaraci\u00f3 d'envasos posats al mercat<\/h4>\t\t\t\t<\/div>\n\t\t\t\t<\/div>\n\t\t\t\t<div class=\"elementor-element elementor-element-8066a55 elementor-widget elementor-widget-shortcode\" data-id=\"8066a55\" data-element_type=\"widget\" data-e-type=\"widget\" data-widget_type=\"shortcode.default\">\n\t\t\t\t<div class=\"elementor-widget-container\">\n\t\t\t\t\t\n\t\n\t\t<style>\n\t\t.Iniciar-desktop {\n\t\t\t\n\t\t\t-webkit-touch-callout: none;\n\t\t\t-webkit-user-select: none;\n\t\t\t-khtml-user-select: none;\n\t\t\t-moz-user-select: none;\n\t\t\t-ms-user-select: none;\n\t\t\tuser-select: none;\n\n\t\t\tbackground: #FFF !important;\n\t\t\tmax-width: 100% !important;\n\t\t\tmin-width: 300px !important;\n\n\t\t\tpadding: 22px 20px  !important;\n\t\t\tborder: 1px solid #FFF !important;\n\t\t\tborder-radius: 90px !important;\n\t\t\tfont-size: 20px !important;\n\t\t\tline-height: 20px !important;\n\t\t\tfont-weight: 300 !important;\n\t\t\tfont-family: \"Source Sans Pro\", sans-serif;\n\t\t\ttext-decoration: none !important;\n\t\t\tcolor: #132F42 !important;\n\n\t\t\tdisplay: inline-block;\n\t\t\tvertical-align: middle;\n\t\t\toverflow: hidden;\n\t\t\ttext-align: center;\n\t\t\tcursor: pointer;\n\t\t\twhite-space: nowrap;\n\t\t}\n\t\t.Iniciar-desktop span{\n\t\t\ttext-align: center !important;\n\t\t\twidth: 100% !important; \n\t\t\tpadding: 0 !important; \n\t\t\tmargin: 0 !important;\t\t\t\n\t\t}\n\t\t.Iniciar-desktop:hover {\n\t\t\tbackground: #132F42 !important;\n\t\t\tborder: 1px solid #132F42 !important;\n\t\t\tcolor: #FFF !important;\n\t\t}\n\t\t.Iniciar-mobile {\t\t\t\n\t\t\t-webkit-touch-callout: none;\n\t\t\t-webkit-user-select: none;\n\t\t\t-khtml-user-select: none;\n\t\t\t-moz-user-select: none;\n\t\t\t-ms-user-select: none;\n\t\t\tuser-select: none;\n\n\t\t\tbackground: #FFF !important;\n\t\t\tmax-width: 100% !important;\n\t\t\tmin-width: 300px !important;\n\n\t\t\tpadding: 22px 20px  !important;\n\t\t\tborder: 1px solid #FFF !important;\n\t\t\tborder-radius: 90px !important;\n\t\t\tfont-size: 0.9em !important;\n\t\t\tline-height: 0.9em !important;\n\t\t\tfont-family: \"Source Sans Pro\", sans-serif;\n\t\t\tfont-weight: 300 !important;\n\t\t\ttext-decoration: none !important;\n\t\t\tcolor: #132F42 !important;\n\n\t\t\tdisplay: inline-block;\n\t\t\tvertical-align: middle;\n\t\t\toverflow: hidden;\n\t\t\ttext-decoration: none;\n\t\t\ttext-align: center;\n\t\t\tcursor: pointer;\n\t\t\twhite-space: nowrap;\n\t\t}\n\t\t.Iniciar-mobile span {\n\t\t\ttext-align: center !important;\n\t\t\twidth: 100% !important; \n\t\t\tpadding: 0 !important; \n\t\t\tmargin: 0 !important;\t\t\t\n\t\t}\n\t\t<\/style>\n\t\t<a href=\"\/Contacta\"  target=\"_blank\" class=\"hide-on-mobile Iniciar-desktop\">\n\t\t<span>\n\t\t\tIniciar\n\t\t\t<\/span>\n\t\t\t<\/a>\n\t\t<a href=\"\/Contacta\" target=\"_blank\" class=\"hide-on-desktop Iniciar-mobile\">\n\t\t<span>\n\t\t\tIniciar\n\t\t\t<\/span>\n\t\t\n\t\t<\/a>\n\t\t\t<div class=\"elementor-shortcode\"><\/div>\n\t\t\t\t\t\t<\/div>\n\t\t\t\t<\/div>\n\t\t\t\t<\/div>\n\t\t<div class=\"elementor-element elementor-element-5e2500b e-con-full elementor-hidden-desktop e-flex e-con e-child\" data-id=\"5e2500b\" data-element_type=\"container\" data-e-type=\"container\">\n\t\t\t\t<div class=\"elementor-element elementor-element-6a6117f elementor-widget elementor-widget-heading\" data-id=\"6a6117f\" data-element_type=\"widget\" data-e-type=\"widget\" data-widget_type=\"heading.default\">\n\t\t\t\t<div class=\"elementor-widget-container\">\n\t\t\t\t\t<h4 class=\"elementor-heading-title elementor-size-default\">Inscripci\u00f3 al registre de productors de producte<\/h4>\t\t\t\t<\/div>\n\t\t\t\t<\/div>\n\t\t\t\t<div class=\"elementor-element elementor-element-73e95c8 elementor-widget elementor-widget-shortcode\" data-id=\"73e95c8\" data-element_type=\"widget\" data-e-type=\"widget\" data-widget_type=\"shortcode.default\">\n\t\t\t\t<div class=\"elementor-widget-container\">\n\t\t\t\t\t\n\t\n\t\t<style>\n\t\t.Inscripci\u00f3-desktop {\n\t\t\t\n\t\t\t-webkit-touch-callout: none;\n\t\t\t-webkit-user-select: none;\n\t\t\t-khtml-user-select: none;\n\t\t\t-moz-user-select: none;\n\t\t\t-ms-user-select: none;\n\t\t\tuser-select: none;\n\n\t\t\tbackground: #FFF !important;\n\t\t\tmax-width: 100% !important;\n\t\t\tmin-width: 300px !important;\n\n\t\t\tpadding: 22px 20px  !important;\n\t\t\tborder: 1px solid #FFF !important;\n\t\t\tborder-radius: 90px !important;\n\t\t\tfont-size: 20px !important;\n\t\t\tline-height: 20px !important;\n\t\t\tfont-weight: 300 !important;\n\t\t\tfont-family: \"Source Sans Pro\", sans-serif;\n\t\t\ttext-decoration: none !important;\n\t\t\tcolor: #132F42 !important;\n\n\t\t\tdisplay: inline-block;\n\t\t\tvertical-align: middle;\n\t\t\toverflow: hidden;\n\t\t\ttext-align: center;\n\t\t\tcursor: pointer;\n\t\t\twhite-space: nowrap;\n\t\t}\n\t\t.Inscripci\u00f3-desktop span{\n\t\t\ttext-align: center !important;\n\t\t\twidth: 100% !important; \n\t\t\tpadding: 0 !important; \n\t\t\tmargin: 0 !important;\t\t\t\n\t\t}\n\t\t.Inscripci\u00f3-desktop:hover {\n\t\t\tbackground: #132F42 !important;\n\t\t\tborder: 1px solid #132F42 !important;\n\t\t\tcolor: #FFF !important;\n\t\t}\n\t\t.Inscripci\u00f3-mobile {\t\t\t\n\t\t\t-webkit-touch-callout: none;\n\t\t\t-webkit-user-select: none;\n\t\t\t-khtml-user-select: none;\n\t\t\t-moz-user-select: none;\n\t\t\t-ms-user-select: none;\n\t\t\tuser-select: none;\n\n\t\t\tbackground: #FFF !important;\n\t\t\tmax-width: 100% !important;\n\t\t\tmin-width: 300px !important;\n\n\t\t\tpadding: 22px 20px  !important;\n\t\t\tborder: 1px solid #FFF !important;\n\t\t\tborder-radius: 90px !important;\n\t\t\tfont-size: 0.9em !important;\n\t\t\tline-height: 0.9em !important;\n\t\t\tfont-family: \"Source Sans Pro\", sans-serif;\n\t\t\tfont-weight: 300 !important;\n\t\t\ttext-decoration: none !important;\n\t\t\tcolor: #132F42 !important;\n\n\t\t\tdisplay: inline-block;\n\t\t\tvertical-align: middle;\n\t\t\toverflow: hidden;\n\t\t\ttext-decoration: none;\n\t\t\ttext-align: center;\n\t\t\tcursor: pointer;\n\t\t\twhite-space: nowrap;\n\t\t}\n\t\t.Inscripci\u00f3-mobile span {\n\t\t\ttext-align: center !important;\n\t\t\twidth: 100% !important; \n\t\t\tpadding: 0 !important; \n\t\t\tmargin: 0 !important;\t\t\t\n\t\t}\n\t\t<\/style>\n\t\t<a href=\"\/Contacta\"  target=\"_blank\" class=\"hide-on-mobile Inscripci\u00f3-desktop\">\n\t\t<span>\n\t\t\tInscripci\u00f3\n\t\t\t<\/span>\n\t\t\t<\/a>\n\t\t<a href=\"\/Contacta\" target=\"_blank\" class=\"hide-on-desktop Inscripci\u00f3-mobile\">\n\t\t<span>\n\t\t\tInscripci\u00f3\n\t\t\t<\/span>\n\t\t\n\t\t<\/a>\n\t\t\t<div class=\"elementor-shortcode\"><\/div>\n\t\t\t\t\t\t<\/div>\n\t\t\t\t<\/div>\n\t\t\t\t<\/div>\n\t\t\t\t<\/a>\n\t\t\t\t\t<\/div>\n\t\t\t\t<\/div>\n\t\t<div class=\"elementor-element elementor-element-f000902 e-flex e-con-boxed e-con e-parent\" data-id=\"f000902\" data-element_type=\"container\" data-e-type=\"container\" data-settings=\"{&quot;background_background&quot;:&quot;classic&quot;}\">\n\t\t\t\t\t<div class=\"e-con-inner\">\n\t\t\t\t<div class=\"elementor-element elementor-element-922a6c6 elementor-widget elementor-widget-heading\" data-id=\"922a6c6\" data-element_type=\"widget\" data-e-type=\"widget\" data-widget_type=\"heading.default\">\n\t\t\t\t<div class=\"elementor-widget-container\">\n\t\t\t\t\t<h2 class=\"elementor-heading-title elementor-size-default\">Dates clau<\/h2>\t\t\t\t<\/div>\n\t\t\t\t<\/div>\n\t\t\t\t<div class=\"elementor-element elementor-element-e654e50 elementor-tabs-alignment-stretch elementor-hidden-mobile elementor-tabs-view-horizontal elementor-widget elementor-widget-tabs\" data-id=\"e654e50\" data-element_type=\"widget\" data-e-type=\"widget\" data-widget_type=\"tabs.default\">\n\t\t\t\t<div class=\"elementor-widget-container\">\n\t\t\t\t\t\t\t<div class=\"elementor-tabs\">\n\t\t\t<div class=\"elementor-tabs-wrapper\" role=\"tablist\" >\n\t\t\t\t\t\t\t\t\t<div id=\"elementor-tab-title-2411\" class=\"elementor-tab-title elementor-tab-desktop-title\" aria-selected=\"true\" data-tab=\"1\" role=\"tab\" tabindex=\"0\" aria-controls=\"elementor-tab-content-2411\" aria-expanded=\"false\"><span style=\"text-align:center; padding-left: 40px\">14 de febrer 2023<\/span><\/div>\n\t\t\t\t\t\t\t\t\t<div id=\"elementor-tab-title-2412\" class=\"elementor-tab-title elementor-tab-desktop-title\" aria-selected=\"false\" data-tab=\"2\" role=\"tab\" tabindex=\"-1\" aria-controls=\"elementor-tab-content-2412\" aria-expanded=\"false\"><div style=\"text-align:center; line-height:25px;\">22 d'abril 2024<\/div><\/div>\n\t\t\t\t\t\t\t\t\t<div id=\"elementor-tab-title-2413\" class=\"elementor-tab-title elementor-tab-desktop-title\" aria-selected=\"false\" data-tab=\"3\" role=\"tab\" tabindex=\"-1\" aria-controls=\"elementor-tab-content-2413\" aria-expanded=\"false\"><div style=\"text-align:center; line-height:25px;\">31 de desembre 2024<\/div><\/div>\n\t\t\t\t\t\t\t\t\t<div id=\"elementor-tab-title-2414\" class=\"elementor-tab-title elementor-tab-desktop-title\" aria-selected=\"false\" data-tab=\"4\" role=\"tab\" tabindex=\"-1\" aria-controls=\"elementor-tab-content-2414\" aria-expanded=\"false\"><div style=\"text-align:center; line-height:25px;\">31 de mar\u00e7 2025<\/div><\/div>\n\t\t\t\t\t\t\t<\/div>\n\t\t\t<div class=\"elementor-tabs-content-wrapper\" role=\"tablist\" aria-orientation=\"vertical\">\n\t\t\t\t\t\t\t\t\t<div class=\"elementor-tab-title elementor-tab-mobile-title\" aria-selected=\"true\" data-tab=\"1\" role=\"tab\" tabindex=\"0\" aria-controls=\"elementor-tab-content-2411\" aria-expanded=\"false\"><span style=\"text-align:center; padding-left: 40px\">14 de febrer 2023<\/span><\/div>\n\t\t\t\t\t<div id=\"elementor-tab-content-2411\" class=\"elementor-tab-content elementor-clearfix\" data-tab=\"1\" role=\"tabpanel\" aria-labelledby=\"elementor-tab-title-2411\" tabindex=\"0\" hidden=\"false\"><p style=\"font-size: 34px; padding-top: 44px;\">14 de febrer de 2023<\/p><p style=\"font-size: 20px; font-weight: light;\">Data l\u00edmit del termini per inscriure&#8217;s a la secci\u00f3 d&#8217;envasos del Registre de Productors de Productes.<\/p><\/div>\n\t\t\t\t\t\t\t\t\t<div class=\"elementor-tab-title elementor-tab-mobile-title\" aria-selected=\"false\" data-tab=\"2\" role=\"tab\" tabindex=\"-1\" aria-controls=\"elementor-tab-content-2412\" aria-expanded=\"false\"><div style=\"text-align:center; line-height:25px;\">22 d'abril 2024<\/div><\/div>\n\t\t\t\t\t<div id=\"elementor-tab-content-2412\" class=\"elementor-tab-content elementor-clearfix\" data-tab=\"2\" role=\"tabpanel\" aria-labelledby=\"elementor-tab-title-2412\" tabindex=\"0\" hidden=\"hidden\"><p style=\"font-size: 34px; padding-top: 44px;\">22 d&#8217;abril del 2024<\/p><p style=\"font-size: 20px; font-weight: light;\">Data l\u00edmit per realitzar la declaraci\u00f3 dels envasos posats al mercat corresponents al 2023.<\/p><\/div>\n\t\t\t\t\t\t\t\t\t<div class=\"elementor-tab-title elementor-tab-mobile-title\" aria-selected=\"false\" data-tab=\"3\" role=\"tab\" tabindex=\"-1\" aria-controls=\"elementor-tab-content-2413\" aria-expanded=\"false\"><div style=\"text-align:center; line-height:25px;\">31 de desembre 2024<\/div><\/div>\n\t\t\t\t\t<div id=\"elementor-tab-content-2413\" class=\"elementor-tab-content elementor-clearfix\" data-tab=\"3\" role=\"tabpanel\" aria-labelledby=\"elementor-tab-title-2413\" tabindex=\"0\" hidden=\"hidden\"><p style=\"font-size: 34px; padding-top: 44px;\">31 de desembre de 2024<\/p><p style=\"font-size: 20px; font-weight: light;\">Data l\u00edmit per a la constituci\u00f3 i inici de funcionament dels SCRAP per als productors d&#8217;envasos que no tingueren obligaci\u00f3 de participar en un sistema integrat de gesti\u00f3 abans del Reial decret.<\/p><\/div>\n\t\t\t\t\t\t\t\t\t<div class=\"elementor-tab-title elementor-tab-mobile-title\" aria-selected=\"false\" data-tab=\"4\" role=\"tab\" tabindex=\"-1\" aria-controls=\"elementor-tab-content-2414\" aria-expanded=\"false\"><div style=\"text-align:center; line-height:25px;\">31 de mar\u00e7 2025<\/div><\/div>\n\t\t\t\t\t<div id=\"elementor-tab-content-2414\" class=\"elementor-tab-content elementor-clearfix\" data-tab=\"4\" role=\"tabpanel\" aria-labelledby=\"elementor-tab-title-2414\" tabindex=\"0\" hidden=\"hidden\"><p style=\"font-size: 34px; padding-top: 44px;\">31 de mar\u00e7 de 2025<\/p>\n<p style=\"font-size: 20px; font-weight: light;\">Data l\u00edmit per realitzar la declaraci\u00f3 a la web del Ministeri dels envasos posats al mercat corresponents al 2024.<\/p><\/div>\n\t\t\t\t\t\t\t<\/div>\n\t\t<\/div>\n\t\t\t\t\t\t<\/div>\n\t\t\t\t<\/div>\n\t\t\t\t<div class=\"elementor-element elementor-element-394ee9a elementor-tabs-alignment-center elementor-hidden-desktop elementor-hidden-tablet elementor-tabs-view-horizontal elementor-widget elementor-widget-tabs\" data-id=\"394ee9a\" data-element_type=\"widget\" data-e-type=\"widget\" data-widget_type=\"tabs.default\">\n\t\t\t\t<div class=\"elementor-widget-container\">\n\t\t\t\t\t\t\t<div class=\"elementor-tabs\">\n\t\t\t<div class=\"elementor-tabs-wrapper\" role=\"tablist\" >\n\t\t\t\t\t\t\t\t\t<div id=\"elementor-tab-title-6001\" class=\"elementor-tab-title elementor-tab-desktop-title\" aria-selected=\"true\" data-tab=\"1\" role=\"tab\" tabindex=\"0\" aria-controls=\"elementor-tab-content-6001\" aria-expanded=\"false\">14 de febrer 2023<\/div>\n\t\t\t\t\t\t\t\t\t<div id=\"elementor-tab-title-6002\" class=\"elementor-tab-title elementor-tab-desktop-title\" aria-selected=\"false\" data-tab=\"2\" role=\"tab\" tabindex=\"-1\" aria-controls=\"elementor-tab-content-6002\" aria-expanded=\"false\"><div style=\"text-align:center; line-height:25px;\">22 d'abril 2024<\/div><\/div>\n\t\t\t\t\t\t\t\t\t<div id=\"elementor-tab-title-6003\" class=\"elementor-tab-title elementor-tab-desktop-title\" aria-selected=\"false\" data-tab=\"3\" role=\"tab\" tabindex=\"-1\" aria-controls=\"elementor-tab-content-6003\" aria-expanded=\"false\"><div style=\"text-align:center; line-height:25px;\">31 de desembre 2024<\/div><\/div>\n\t\t\t\t\t\t\t\t\t<div id=\"elementor-tab-title-6004\" class=\"elementor-tab-title elementor-tab-desktop-title\" aria-selected=\"false\" data-tab=\"4\" role=\"tab\" tabindex=\"-1\" aria-controls=\"elementor-tab-content-6004\" aria-expanded=\"false\"><div style=\"text-align:center; line-height:25px;\">31 de mar\u00e7 2025<\/div><\/div>\n\t\t\t\t\t\t\t<\/div>\n\t\t\t<div class=\"elementor-tabs-content-wrapper\" role=\"tablist\" aria-orientation=\"vertical\">\n\t\t\t\t\t\t\t\t\t<div class=\"elementor-tab-title elementor-tab-mobile-title\" aria-selected=\"true\" data-tab=\"1\" role=\"tab\" tabindex=\"0\" aria-controls=\"elementor-tab-content-6001\" aria-expanded=\"false\">14 de febrer 2023<\/div>\n\t\t\t\t\t<div id=\"elementor-tab-content-6001\" class=\"elementor-tab-content elementor-clearfix\" data-tab=\"1\" role=\"tabpanel\" aria-labelledby=\"elementor-tab-title-6001\" tabindex=\"0\" hidden=\"false\"><p style=\"font-size:34px; padding-top:44px\">14 de febrer de 2023<\/p>\n<p style=\"font-size:20px; font-weight:light\">\nData l\u00edmit del termini per inscriure&#8217;s a la secci\u00f3 d&#8217;envasos del Registre de Productors de Productes.<\/p>\n<\/div>\n\t\t\t\t\t\t\t\t\t<div class=\"elementor-tab-title elementor-tab-mobile-title\" aria-selected=\"false\" data-tab=\"2\" role=\"tab\" tabindex=\"-1\" aria-controls=\"elementor-tab-content-6002\" aria-expanded=\"false\"><div style=\"text-align:center; line-height:25px;\">22 d'abril 2024<\/div><\/div>\n\t\t\t\t\t<div id=\"elementor-tab-content-6002\" class=\"elementor-tab-content elementor-clearfix\" data-tab=\"2\" role=\"tabpanel\" aria-labelledby=\"elementor-tab-title-6002\" tabindex=\"0\" hidden=\"hidden\"><p style=\"font-size:34px; padding-top:44px\">22 d&#8217;abril del 2024<\/p>\n<p style=\"font-size:20px; font-weight:light\">Data l\u00edmit per realitzar la declaraci\u00f3 dels envasos posats al mercat corresponents al 2023.<\/p>\n<\/div>\n\t\t\t\t\t\t\t\t\t<div class=\"elementor-tab-title elementor-tab-mobile-title\" aria-selected=\"false\" data-tab=\"3\" role=\"tab\" tabindex=\"-1\" aria-controls=\"elementor-tab-content-6003\" aria-expanded=\"false\"><div style=\"text-align:center; line-height:25px;\">31 de desembre 2024<\/div><\/div>\n\t\t\t\t\t<div id=\"elementor-tab-content-6003\" class=\"elementor-tab-content elementor-clearfix\" data-tab=\"3\" role=\"tabpanel\" aria-labelledby=\"elementor-tab-title-6003\" tabindex=\"0\" hidden=\"hidden\"><p style=\"font-size:34px; padding-top:44px\">31 de desembre de 2024<\/p>\n<p style=\"font-size:20px; font-weight:light\">Data l\u00edmit per a la constituci\u00f3 i inici de funcionament dels SCRAP per als productors d&#8217;envasos que no tingueren obligaci\u00f3 de participar en un sistema integrat de gesti\u00f3 abans del Reial decret.<\/p>\n<\/div>\n\t\t\t\t\t\t\t\t\t<div class=\"elementor-tab-title elementor-tab-mobile-title\" aria-selected=\"false\" data-tab=\"4\" role=\"tab\" tabindex=\"-1\" aria-controls=\"elementor-tab-content-6004\" aria-expanded=\"false\"><div style=\"text-align:center; line-height:25px;\">31 de mar\u00e7 2025<\/div><\/div>\n\t\t\t\t\t<div id=\"elementor-tab-content-6004\" class=\"elementor-tab-content elementor-clearfix\" data-tab=\"4\" role=\"tabpanel\" aria-labelledby=\"elementor-tab-title-6004\" tabindex=\"0\" hidden=\"hidden\"><p style=\"font-size:34px; padding-top:44px\">31 de mar\u00e7 de 2025<\/p>\n<p style=\"font-size:20px; font-weight:light\">Data l\u00edmit per realitzar la declaraci\u00f3 dels envasos posats al mercat corresponents al 2024.<\/p>\n<\/div>\n\t\t\t\t\t\t\t<\/div>\n\t\t<\/div>\n\t\t\t\t\t\t<\/div>\n\t\t\t\t<\/div>\n\t\t\t\t\t<\/div>\n\t\t\t\t<\/div>\n\t\t\t\t<\/div>\n\t\t","protected":false},"excerpt":{"rendered":"<p>El nostre prop\u00f2sit Donem resposta a les teves obligacions El nostre prop\u00f2sit A ECOTIC Envases oferirem un marc de col\u00b7laboraci\u00f3 eficient a les empreses del sector per donar resposta a les obligacions del Reial Decret 1055\/2022 sobre envasos i els seus residus. El nostre prop\u00f2sit A ECOTIC Envases oferirem un marc de col\u00b7laboraci\u00f3 eficient a [&hellip;]<\/p>\n","protected":false},"author":2,"featured_media":0,"parent":0,"menu_order":0,"comment_status":"closed","ping_status":"closed","template":"","meta":{"footnotes":""},"class_list":["post-4008","page","type-page","status-publish","hentry"],"_links":{"self":[{"href":"https:\/\/ecotic-envases.es\/ca\/wp-json\/wp\/v2\/pages\/4008","targetHints":{"allow":["GET"]}}],"collection":[{"href":"https:\/\/ecotic-envases.es\/ca\/wp-json\/wp\/v2\/pages"}],"about":[{"href":"https:\/\/ecotic-envases.es\/ca\/wp-json\/wp\/v2\/types\/page"}],"author":[{"embeddable":true,"href":"https:\/\/ecotic-envases.es\/ca\/wp-json\/wp\/v2\/users\/2"}],"replies":[{"embeddable":true,"href":"https:\/\/ecotic-envases.es\/ca\/wp-json\/wp\/v2\/comments?post=4008"}],"version-history":[{"count":16,"href":"https:\/\/ecotic-envases.es\/ca\/wp-json\/wp\/v2\/pages\/4008\/revisions"}],"predecessor-version":[{"id":5363,"href":"https:\/\/ecotic-envases.es\/ca\/wp-json\/wp\/v2\/pages\/4008\/revisions\/5363"}],"wp:attachment":[{"href":"https:\/\/ecotic-envases.es\/ca\/wp-json\/wp\/v2\/media?parent=4008"}],"curies":[{"name":"wp","href":"https:\/\/api.w.org\/{rel}","templated":true}]}}